{"id":9680,"date":"2018-08-05T10:54:59","date_gmt":"2018-08-05T08:54:59","guid":{"rendered":"https:\/\/jhcakes.com\/shop\/?post_type=product&#038;p=9680"},"modified":"2021-06-12T17:19:53","modified_gmt":"2021-06-12T15:19:53","slug":"kisebb-damaszt-torta-stencil","status":"publish","type":"product","link":"https:\/\/jhcakes.com\/shop\/termek\/kisebb-damaszt-torta-stencil\/","title":{"rendered":"Kisebb damaszt torta stencil"},"content":{"rendered":"<h3 style=\"text-align: justify;\"><span style=\"color: #878787;\"><span style=\"color: #ec008c;\"><strong>Kisebb damaszt torta stencil,\u00a0<\/strong><\/span><\/span><span style=\"color: #878787;\">a mell\u00e9kelt k\u00e9pen l\u00e1that\u00f3 tort\u00e1k, fel\u00fclr\u0151l sz\u00e1molt m\u00e1sodik emelet\u00e9n tal\u00e1lhat\u00f3 mint\u00e1kat k\u00e9sz\u00edti.\u00a0<\/span>A stencil az <strong>eredeti,<\/strong> amerikai Designer Stencils v\u00e1llalat \u00e1ltal tervezett \u00e9s gy\u00e1rtott term\u00e9k.<\/h3>\n<h3>A mell\u00e9kelt, r\u00f3zsasz\u00edn-feh\u00e9r sz\u00ednekben dekor\u00e1lt, Martha Stewart \u00e1ltal tervezett tort\u00e1n l\u00e1that\u00f3 teljes stencilszett megv\u00e1s\u00e1rolhat\u00f3 <strong><span style=\"color: #1ba6b5;\"><a style=\"color: #1ba6b5;\" href=\"https:\/\/jhcakes.com\/shop\/termek\/teljes-damaszt-stencil-szett\/\" target=\"_blank\" rel=\"noopener noreferrer\">ITT.<\/a><\/span><\/strong><\/h3>\n<p>&nbsp;<\/p>\n<h3><strong>Milyen eszk\u00f6z\u00f6ket \u00e9s alapanyagokat aj\u00e1nlunk a stencilek haszn\u00e1lat\u00e1hoz?<\/strong><\/h3>\n<ul>\n<li>\n<h3>glaz\u00fart\u00a0vagy vajkr\u00e9met\u00a0<span style=\"color: #1ba6b4;\"><strong><a style=\"color: #1ba6b4;\" href=\"https:\/\/jhcakes.com\/shop\/termek\/keno-lap-stencilek-hasznalatahoz\/\" target=\"_blank\" rel=\"noopener noreferrer\">ken\u0151lappal<\/a><\/strong><\/span>\u00a0illetve\u00a0<span style=\"color: #1ba6b4;\"><strong><a style=\"color: #1ba6b4;\" href=\"https:\/\/jhcakes.com\/shop\/termek\/hajlitott-kenokes-20-cm\/\" target=\"_blank\" rel=\"noopener noreferrer\">ken\u0151k\u00e9ssel<\/a><\/strong><\/span>\u00a0vihet\u00fcnk fel<\/h3>\n<\/li>\n<li>\n<h3>airbrush-sal, <strong><span style=\"color: #1ba6b4;\"><a style=\"color: #1ba6b4;\" href=\"https:\/\/jhcakes.com\/shop\/termekkategoria\/festekek-ecsetek\/etelfestektollak-ecsetek\/\" target=\"_blank\" rel=\"noopener noreferrer\">\u00e9telfest\u00e9kecsetekkel<\/a>,<\/span> <a href=\"https:\/\/jhcakes.com\/shop\/termekkategoria\/festekek-ecsetek\/folyekony-etelfestekek\/\" target=\"_blank\" rel=\"noopener noreferrer\"><span style=\"color: #1ba6b4;\">foly\u00e9kony<\/span> <span style=\"color: #1ba6b4;\">\u00e9telfest\u00e9kekkel,<\/span> <\/a><\/strong>\u00a0<span style=\"color: #ff6600;\"><a style=\"color: #1ba6b4;\" href=\"https:\/\/jhcakes.com\/shop\/termekkategoria\/festekek-ecsetek\/sziromporok-luszterporok\/eheto-luszterporok\/\" target=\"_blank\" rel=\"noopener noreferrer\"><strong>porfest\u00e9kekkel<\/strong><\/a><\/span>\u00a0festhet\u00fcnk, sz\u00ednezhet\u00fcnk<\/h3>\n<\/li>\n<li>\n<h3>felsz\u00f3r\u00e1shoz kaka\u00f3port \u00e9s egy\u00e9b <span style=\"color: #1ba6b4;\"><strong><a style=\"color: #1ba6b4;\" href=\"https:\/\/jhcakes.com\/shop\/termekkategoria\/eheto-dekoraciok\/szorocukrok-cukorgyongyok\/\" target=\"_blank\" rel=\"noopener noreferrer\">sz\u00f3rhat\u00f3,<\/a><\/strong><\/span> \u00e9tkez\u00e9sre alkalmas d\u00edsz\u00edt\u0151anyagokat haszn\u00e1lhatunk<\/h3>\n<\/li>\n<\/ul>\n<h3 id=\"tab-description\"><span style=\"color: #878787;\"><strong>Alapanyag:<\/strong><\/span><\/h3>\n<ul>\n<li>\n<h3><span style=\"color: #878787;\">10 mil vastags\u00e1g\u00fa, \u00e9telk\u00e9sz\u00edt\u00e9sre enged\u00e9lyezett, hajl\u00e9kony m\u0171anyag lap<\/span><\/h3>\n<\/li>\n<\/ul>\n<h3 id=\"tab-description\"><span style=\"color: #878787;\"><strong>Kezel\u00e9si \u00fatmutat\u00f3:<\/strong><\/span><\/h3>\n<ul>\n<li>\n<h3><span style=\"color: #878787;\">k\u00e9zzel moshat\u00f3, leveg\u0151n sz\u00e1r\u00edtand\u00f3<\/span><\/h3>\n<\/li>\n<\/ul>\n<h3><strong>Gy\u00e1rt\u00f3:<\/strong><\/h3>\n<ul>\n<li>\n<h3>Designer Stencils &#8211; USA<\/h3>\n<\/li>\n<\/ul>\n<div id=\"themify_builder_content-9680\" data-postid=\"9680\" class=\"themify_builder_content themify_builder_content-9680 themify_builder\">\n    <\/div>\n<!-- \/themify_builder_content -->","protected":false},"excerpt":{"rendered":"<h3><strong>Stencil minta m\u00e9rete:<\/strong><\/h3>\n<ul>\n<li>\n<h3>sz\u00e9less\u00e9g: \u00a0 \u00a0 190 mm<\/h3>\n<\/li>\n<li>\n<h3>magass\u00e1g: \u00a0 \u00a0 80 mm<\/h3>\n<\/li>\n<\/ul>\n","protected":false},"featured_media":22391,"comment_status":"open","ping_status":"closed","template":"","meta":[],"builder_content":"","_links":{"self":[{"href":"https:\/\/jhcakes.com\/shop\/wp-json\/wp\/v2\/product\/9680"}],"collection":[{"href":"https:\/\/jhcakes.com\/shop\/wp-json\/wp\/v2\/product"}],"about":[{"href":"https:\/\/jhcakes.com\/shop\/wp-json\/wp\/v2\/types\/product"}],"replies":[{"embeddable":true,"href":"https:\/\/jhcakes.com\/shop\/wp-json\/wp\/v2\/comments?post=9680"}],"wp:featuredmedia":[{"embeddable":true,"href":"https:\/\/jhcakes.com\/shop\/wp-json\/wp\/v2\/media\/22391"}],"wp:attachment":[{"href":"https:\/\/jhcakes.com\/shop\/wp-json\/wp\/v2\/media?parent=9680"}],"curies":[{"name":"wp","href":"https:\/\/api.w.org\/{rel}","templated":true}]}}